{"id":406,"date":"2021-09-20T17:51:45","date_gmt":"2021-09-20T14:51:45","guid":{"rendered":"http:\/\/www.mairekaruvuori.com\/?page_id=406"},"modified":"2021-09-20T19:36:28","modified_gmt":"2021-09-20T16:36:28","slug":"art","status":"publish","type":"page","link":"http:\/\/www.mairekaruvuori.com\/index.php\/portfolio\/art\/","title":{"rendered":"Past Art works"},"content":{"rendered":"\n<h2 class=\"wp-block-heading\">Artist CV<\/h2>\n\n\n\n<h3 class=\"wp-block-heading\">MAIRE KARUVUORI<\/h3>\n\n\n\n<p>Performance artist &#8211; Producer &#8211; Journalist<\/p>\n\n\n\n<p>Born 18\/09\/1984 in Helsinki, Finland.<\/p>\n\n\n\n<p>Graduated from the performance study program of Kankaanp\u00e4\u00e4 art school in Finland.<\/p>\n\n\n\n<p>Lives and works in Finland. Speaks Finnish, English, Swedish and German. <\/p>\n\n\n\n<p>Understands Portuguese and Spanish. Knows how to drive a tractor.<\/p>\n\n\n\n<h3 class=\"wp-block-heading\">Quick Links:<\/h3>\n\n\n\n<ul><li><a href=\"#On-going\" data-type=\"internal\" data-id=\"#On-going\">On-going processes<\/a><\/li><li><a href=\"#artwork\" data-type=\"internal\" data-id=\"#artwork\">Art Work<\/a><ul><li><a href=\"#Past-Performances\" data-type=\"internal\" data-id=\"#Past-Performances\">Past Solo Performances and video work<\/a><\/li><li><a href=\"#Exhibitions\" data-type=\"internal\" data-id=\"#Exhibitions\">Exhibitions and screenings<\/a><\/li><li><a href=\"#Collaborations\" data-type=\"internal\" data-id=\"#Collaborations\">Art collaborations<\/a><\/li><\/ul><\/li><li><a href=\"#Projects\" data-type=\"internal\" data-id=\"#Projects\">Art related projects<\/a><\/li><li><a href=\"#Experience\" data-type=\"internal\" data-id=\"#Experience\">Art and culture related work experience<\/a><\/li><li><a href=\"#Skills\" data-type=\"internal\" data-id=\"#Skills\">Skills<\/a><\/li><li><a href=\"#Grants\" data-type=\"internal\" data-id=\"#Grants\">Grants<\/a><\/li><li><a href=\"#Prizes\" data-type=\"internal\" data-id=\"#Prizes\">Prizes<\/a><\/li><li><a href=\"#Travels\" data-type=\"internal\" data-id=\"#Travels\">Travels<\/a><\/li><li><a href=\"#Studies\" data-type=\"internal\" data-id=\"#Studies\">Studies<\/a><\/li><li><a href=\"#Memberships\" data-type=\"internal\" data-id=\"#Memberships\">Memberships<\/a><\/li><\/ul>\n\n\n\n<h3 class=\"wp-block-heading\" id=\"On-going\">On-going processes<\/h3>\n\n\n\n<h4 class=\"wp-block-heading\"><strong><em>2020-22<\/em><\/strong><strong><em> <\/em><\/strong><strong><em>Stand up tragedy<\/em><\/strong><\/h4>\n\n\n\n<p><em>A collaboration with the circus artist Milla Jarko<\/em><\/p>\n\n\n\n<h4 class=\"wp-block-heading\"><strong><em>12\/2019- Lopullinen tarina<\/em><\/strong><\/h4>\n\n\n\n<p><em>A collaboration between Horonk\u00e4ristys,<\/em><\/p>\n\n\n\n<p><em>Miko Kivinen and Terhi Hartikainen<\/em><\/p>\n\n\n\n<h4 class=\"wp-block-heading\"><strong><em>2020-&gt; Opastettu Kierros<\/em><\/strong><\/h4>\n\n\n\n<p><em>An audio project about art with Tiia-Mari Kolibri<\/em><\/p>\n\n\n\n<h3 class=\"wp-block-heading\" id=\"artwork\">ART WORK<\/h3>\n\n\n\n<h3 class=\"wp-block-heading\" id=\"Past-Performances\">Past Solo Performances and video work&nbsp;<\/h3>\n\n\n\n<h4 class=\"wp-block-heading\"><strong><em>09\/2021<\/em><\/strong><strong><em> Chance favors the prepared mind<\/em><\/strong><\/h4>\n\n\n\n<p><em>A discursive walking expedition to the city of Turku through the eyes of a survivalist. A collaboration with the future studies researcher Marjukka Parkkinen. A part of New Performance Turku Festival\u2019s programme.<\/em><\/p>\n\n\n\n<p><em>Around Manilla, Martti and Samppalinna area in Turku.<\/em><\/p>\n\n\n\n<p><em>Duration: 90 minutes<\/em><\/p>\n\n\n\n<h4 class=\"wp-block-heading\"><strong><em>08\/2021 <\/em><\/strong><strong><em>I steer, you pedal<\/em><\/strong><\/h4>\n\n\n\n<p><em>A performance lecture about performance art, the work of an artist and the occurrence of many artists working together. A part of FinDe Tandems festival\u2019s programme<\/em><\/p>\n\n\n\n<p><em>Kulturkloster, Horb am Neckar, Germany<\/em><\/p>\n\n\n\n<p><em>Duration: 45 minutes<\/em><\/p>\n\n\n\n<h4 class=\"wp-block-heading\"><strong><em>09\/2019 <\/em><\/strong><strong><em>Kuva n\u00e4kym\u00e4tt\u00f6m\u00e4st\u00e4 tapauksesta<\/em><\/strong><\/h4>\n\n\n\n<p><em>An accessible performance for the accessibility seminar of Regional State Administrative Agency<\/em><\/p>\n\n\n\n<p><em>of Southern Finland.<\/em><\/p>\n\n\n\n<p><em>Scandic Hotel, Tampere, Finland<\/em><\/p>\n\n\n\n<p><em>Duration: 20 minutes<\/em><\/p>\n\n\n\n<h4 class=\"wp-block-heading\"><strong><em>07\/2018<\/em><\/strong><strong><em> <\/em><\/strong><strong><em>Miten raukkamaisesti onnen anti t\u00e4\u00e4ll\u00e4 jaetaan<\/em><\/strong><\/h4>\n\n\n\n<p><em>Part of \u201cMit\u00e4 it\u00e4\u00e4?&#8221;-exhibition where the works were made by Finnish professional artists and asylum seekers. Poriginal-Gallery, Pori, Finland.<\/em><\/p>\n\n\n\n<p><em>Duration: 30&nbsp; minutes<\/em><\/p>\n\n\n\n<h4 class=\"wp-block-heading\"><strong><em>03\/2017 Marloesille<\/em><\/strong><\/h4>\n\n\n\n<p><em>Guided tour to a relationship-cave<\/em><\/p>\n\n\n\n<p><em>Das Kluppe l\u00e4sn\u00e4olopakko performance art event, at Titanic-Gallery, Turku, Finland.<\/em><\/p>\n\n\n\n<p><em>Duration: 20&nbsp; minutes<\/em><\/p>\n\n\n\n<h4 class=\"wp-block-heading\"><strong><em>07\/2014<\/em><\/strong><strong><em> <\/em><\/strong><strong><em>Vastaanotto<\/em><\/strong><\/h4>\n\n\n\n<p><em>Part of the \u201cMukana liikkeess\u00e4\u201d workers union<\/em><\/p>\n\n\n\n<p><em>happening at the Suomi Areena discussion forum&nbsp;<\/em><\/p>\n\n\n\n<p><em>Pori market square, Finland. Duration: 2 hours<\/em><\/p>\n\n\n\n<h4 class=\"wp-block-heading\"><strong><em>06\/2014<\/em><\/strong><strong><em> <\/em><\/strong><strong><em>Avajaisiin asti<\/em><\/strong><\/h4>\n\n\n\n<p><em>A performative procession to a dream.<\/em><\/p>\n\n\n\n<p><em>Marjukan Uni exhibition, Helsinki, Finland.<\/em><\/p>\n\n\n\n<p><em>Duration: 20 minutes<\/em><\/p>\n\n\n\n<h4 class=\"wp-block-heading\"><strong><em>12\/2013<\/em><\/strong><strong><em> <\/em><\/strong><strong><em>Cortejo de Casamentos<\/em><\/strong><\/h4>\n\n\n\n<p><em>A folkloristic autobiographical<\/em><\/p>\n\n\n\n<p><em>wedding feast performance in&nbsp;<\/em><\/p>\n\n\n\n<p><em>\u00c9vora, Portugal. Duration: 20 minutes<\/em><\/p>\n\n\n\n<h4 class=\"wp-block-heading\"><strong><em>12\/2013 Pu$$y inspired by Kittens<\/em><\/strong>,<em> performance<\/em><\/h4>\n\n\n\n<p><em>A dialogue between live movement<\/em><\/p>\n\n\n\n<p><em>and a video piece in \u00c9vora, Portugal.<\/em><\/p>\n\n\n\n<p><em>Duration: 6 minutes<\/em><\/p>\n\n\n\n<h4 class=\"wp-block-heading\"><strong><em>12\/2013 Pu$$y inspired by Kittens<\/em><\/strong><em>, video<\/em><\/h4>\n\n\n\n<p><em>A physical and videographical study<\/em><\/p>\n\n\n\n<p><em>of the addictive in cat videos. 4:02<\/em><\/p>\n\n\n\n<h4 class=\"wp-block-heading\"><strong><em>12\/2013 Ess\u00eancia<\/em><\/strong>, <em>video<\/em><\/h4>\n\n\n\n<p><em>A photography study. 2:42<\/em><\/p>\n\n\n\n<h4 class=\"wp-block-heading\"><strong><em>7\/2013<\/em><\/strong><strong><em> <\/em><\/strong><strong><em>Aino-Maria Myllykosken totuudet 3<\/em><\/strong><\/h4>\n\n\n\n<p><em>(En olisi ikin\u00e4 uskonut el\u00e4v\u00e4ni 90-vuotiaaksi)<\/em><\/p>\n\n\n\n<p><em>A diary performance dedicated to an<\/em><\/p>\n\n\n\n<p><em>extraordinary woman\u2019s legacy.<\/em><\/p>\n\n\n\n<p><em>Pori, Finland. Duration: 60 minutes<\/em><\/p>\n\n\n\n<h4 class=\"wp-block-heading\"><strong><em>5\/2013<\/em><\/strong><strong><em> <\/em><\/strong><strong><em>Tulevaisuusbingo<\/em><\/strong><\/h4>\n\n\n\n<p><em>Predicting the future for Kankaanp\u00e4\u00e4 art School.<\/em><\/p>\n\n\n\n<p><em>Galleria 3h+k, Pori, Finland.<\/em><\/p>\n\n\n\n<p><em>Duration: 45 minutes<\/em><\/p>\n\n\n\n<h4 class=\"wp-block-heading\"><strong><em>5\/2013<\/em><\/strong><strong><em> <\/em><\/strong><strong><em>Aino-Maria Myllykosken totuudet 2<\/em><\/strong><\/h4>\n\n\n\n<p><em>A demonstration of the life of an extaordinary woman. Kankaanp\u00e4\u00e4, Finland. Duration: 5 minutes<\/em><\/p>\n\n\n\n<h4 class=\"wp-block-heading\"><strong><em>1\/2013<\/em><\/strong><strong><em> <\/em><\/strong><strong><em>Aino-Maria Myllykosken totuudet 1<\/em><\/strong><\/h4>\n\n\n\n<p><em>A dive into the day to day routines of an extraordinary woman growing old. Duration: 20 minutes<\/em><\/p>\n\n\n\n<h4 class=\"wp-block-heading\"><strong><em>8-9\/2012<\/em><\/strong><strong><em> <\/em><\/strong><strong><em>Naamiaiset<\/em><\/strong><\/h4>\n\n\n\n<p><em>Two make up doll performances with help from Tiia-Mari Kolibri and Veera Kurvinen.<\/em><\/p>\n\n\n\n<p><em>Kaapelitehdas, Helsinki and Kankaanp\u00e4\u00e4<\/em><\/p>\n\n\n\n<p><em>health center, Finland Durations: 4 &amp; 5 hours<\/em><\/p>\n\n\n\n<h4 class=\"wp-block-heading\"><strong><em>10\/2012<\/em><\/strong><strong><em> <\/em><\/strong><strong><em>Vko 45<\/em><\/strong><\/h4>\n\n\n\n<p><em>A notebook performance. Photographical<\/em><\/p>\n\n\n\n<p><em>analysis of a week in my life. Exists only in<\/em><\/p>\n\n\n\n<p><em>a black notebook and <\/em><em>mairekoo.wix.com\/mairekoo&nbsp;<\/em><\/p>\n\n\n\n<h4 class=\"wp-block-heading\"><strong><em>4\/2014<\/em><\/strong><strong><em> <\/em><\/strong><strong><em>Tervetuloa!<\/em><\/strong><\/h4>\n\n\n\n<p><em>Welcoming performance at<\/em><\/p>\n\n\n\n<p><em>the Finntastic evening party reception<\/em><\/p>\n\n\n\n<p><em>at the Finnish culture institute of<\/em><\/p>\n\n\n\n<p><em>Stockholm, Sweden. Duration: 60 minutes<\/em><\/p>\n\n\n\n<h4 class=\"wp-block-heading\"><strong><em>4\/2012<\/em><\/strong><strong><em> <\/em><\/strong><strong><em>Feel Good Chair<\/em><\/strong><\/h4>\n\n\n\n<p><em>A relaxation service for tired artists<\/em><\/p>\n\n\n\n<p><em>at the Performance Art Links festival<\/em><\/p>\n\n\n\n<p><em>in Stockholm, Sweden. Duration: 2 hours<\/em><\/p>\n\n\n\n<h4 class=\"wp-block-heading\"><strong><em>1\/2012<\/em><\/strong><strong><em> <\/em><\/strong><strong><em>Anti-Stress Treatment<\/em><\/strong><\/h4>\n\n\n\n<p><em>Self help recipe and instructions for coping<\/em><\/p>\n\n\n\n<p><em>with everyday life. Kankaanp\u00e4\u00e4 Art School, Finland.<\/em><\/p>\n\n\n\n<p><em>Duration: 10 minutes<\/em><\/p>\n\n\n\n<h4 class=\"wp-block-heading\"><strong><em>1\/2012<\/em><\/strong><strong><em> <\/em><\/strong><strong><em>Losing Krista<\/em><\/strong><\/h4>\n\n\n\n<p><em>A farewell to love. With help from Enma.<\/em><\/p>\n\n\n\n<p><em>Kankaanp\u00e4\u00e4 art school, Finland. Duration: 10 minutes<\/em><\/p>\n\n\n\n<h4 class=\"wp-block-heading\"><strong><em>1\/2012<\/em><\/strong><strong><em> <\/em><\/strong><strong><em>Onion Church<\/em><\/strong><\/h4>\n\n\n\n<p><em>Living statue. Kankaanp\u00e4\u00e4 Art School, Finland.<\/em><\/p>\n\n\n\n<p><em>Duration: 20 minutes<\/em><\/p>\n\n\n\n<h4 class=\"wp-block-heading\"><strong><em>11\/2011 Musta tuntuu, ett\u00e4 meid\u00e4n pit\u00e4is puhua.<\/em><\/strong><\/h4>\n\n\n\n<p><em>An attempt for confrontation. 8:23&nbsp;<\/em><\/p>\n\n\n\n<h3 class=\"wp-block-heading\" id=\"Exhibitions\">Exhibitions and screenings<\/h3>\n\n\n\n<h4 class=\"wp-block-heading\"><strong><em>6-08\/2014 K\u00e4sitekes\u00e4, Kokem\u00e4ki, Finland<\/em><\/strong><\/h4>\n\n\n\n<p><em>Merta Edemm\u00e4s, An interactive sculpture<\/em><\/p>\n\n\n\n<p><em>for finding happiness. Displayed at an<\/em><\/p>\n\n\n\n<p><em>environmental conceptual art exhibition<\/em><\/p>\n\n\n\n<h4 class=\"wp-block-heading\"><strong><em>04\/2014<\/em><\/strong><strong><em> <\/em><\/strong><strong><em>Yliveto, Jyv\u00e4skyl\u00e4, Finland<\/em><\/strong><\/h4>\n\n\n\n<p><em>The impression project at&nbsp; the exhibition of<\/em><\/p>\n\n\n\n<p><em>the graduating class 2014 of SAMK<\/em><\/p>\n\n\n\n<p><em>Jyv\u00e4skyl\u00e4 museum of contemporary art.<\/em><\/p>\n\n\n\n<h4 class=\"wp-block-heading\"><strong><em>12\/2013<\/em><\/strong><strong><em> <\/em><\/strong><strong><em>Feira Morta, Lisbon, Portugal<\/em><\/strong><\/h4>\n\n\n\n<p><em>Screening of \u201cPu$$y inspired by Kittens\u201d, and<\/em><\/p>\n\n\n\n<p><em>\u201cMusta tuntuu, ett\u00e4 meid\u00e4n pit\u00e4is puhua.\u201d<\/em><\/p>\n\n\n\n<h4 class=\"wp-block-heading\"><strong><em>1\/2013<\/em><\/strong><strong><em> <\/em><\/strong><strong><em>Clip, Pori, Finland<\/em><\/strong><\/h4>\n\n\n\n<p><em>Screening of \u201cMusta tuntuu, ett\u00e4&#8230;\u201d&nbsp;<\/em><\/p>\n\n\n\n<h4 class=\"wp-block-heading\"><strong><em>12\/2011<\/em><\/strong><strong><em> <\/em><\/strong><strong><em>Porin juhlaviikot, Pori, Finland<\/em><\/strong><\/h4>\n\n\n\n<p><em>Installation and premier of<\/em><\/p>\n\n\n\n<p><em>\u201cMusta tuntuu, ett\u00e4 meid\u00e4n pit\u00e4is puhua.\u201d&nbsp;<\/em><\/p>\n\n\n\n<h4 class=\"wp-block-heading\"><strong><em>05\/2011<\/em><\/strong><strong><em> <\/em><\/strong><strong><em>Liminka Art School spring exhibition&nbsp;<\/em><\/strong><\/h4>\n\n\n\n<p><em>Printwork, paintings and sculptures<\/em><\/p>\n\n\n\n<p><em>at a group exhibition<\/em><\/p>\n\n\n\n<h3 class=\"wp-block-heading\" id=\"Collaborations\">Art collaborations<\/h3>\n\n\n\n<h4 class=\"wp-block-heading\"><strong><em>12\/2019<\/em><\/strong><strong><em> <\/em><\/strong><strong><em>Kokkelin kullitus<\/em><\/strong><\/h4>\n\n\n\n<p><em>An environmental performative sculpture<\/em><\/p>\n\n\n\n<p><em>in the Kokem\u00e4ki river area as a part of<\/em><\/p>\n\n\n\n<p><em>the Kokkeli project of the Landscape Studies<\/em><\/p>\n\n\n\n<p><em>degree of the University of Turku.<\/em><\/p>\n\n\n\n<p><em>A collaboration with the painter Mollu Heino.&nbsp;<\/em><\/p>\n\n\n\n<h4 class=\"wp-block-heading\"><strong><em>07\/2016<\/em><\/strong><strong><em> <\/em><\/strong><strong><em>Avaus<\/em><\/strong><\/h4>\n\n\n\n<p><em>Joint performance with Katriina Sj\u00f6blom,<\/em><\/p>\n\n\n\n<p><em>Maire Ruotsalainen and Samer Saad.<\/em><\/p>\n\n\n\n<p><em>Noormarkun kuvataiteen p\u00e4iv\u00e4,<\/em><\/p>\n\n\n\n<p><em>Galleria Liisa Ekqvist, Noormarkku, Finland.<\/em><\/p>\n\n\n\n<h4 class=\"wp-block-heading\"><strong><em>11\/2014<\/em><\/strong><strong><em> <\/em><\/strong><strong><em>The contemporary state of normal<\/em><\/strong><\/h4>\n\n\n\n<p><em>Duo performance with Ilmari S\u00e4\u00e4v\u00e4l\u00e4.<\/em><\/p>\n\n\n\n<p><em>Devido \u00e0 chuva a revolu\u00e7\u00e3o foi adiada,<\/em><\/p>\n\n\n\n<p><em>Plataforma Revolver, Lisbon, Portugal.&nbsp;<\/em><\/p>\n\n\n\n<p><em>Duration: 4 hours<\/em><\/p>\n\n\n\n<h4 class=\"wp-block-heading\"><strong><em>7\/2013<\/em><\/strong><strong><em> <\/em><\/strong><strong><em>Kerroin<\/em><\/strong><\/h4>\n\n\n\n<p><em>Duo performance with Helmi Routavaara.<\/em><\/p>\n\n\n\n<p><em>KylttyyriK\u00f6rke\u00e4\u00f6j\u00e4-festival, Kokem\u00e4ki, Finland. Duration: 20 minutes<\/em><\/p>\n\n\n\n<h4 class=\"wp-block-heading\"><strong><em>5\/2013<\/em><\/strong><strong><em> <\/em><\/strong><strong><em>H\u00e4\u00e4kulkue<\/em><\/strong><\/h4>\n\n\n\n<p><em>Group performance with the Diverse Universe performance collective, Kankaanp\u00e4\u00e4, Finland. Duration: 60 minutes<\/em><\/p>\n\n\n\n<h4 class=\"wp-block-heading\"><strong><em>4\/2012<\/em><\/strong><strong><em> <\/em><\/strong><strong><em>In Visible<\/em><\/strong><\/h4>\n\n\n\n<p><em>Performance with Anna-Katariina Roos.<\/em><\/p>\n\n\n\n<p><em>PALS festival, Stockholm, Sweden.<\/em><\/p>\n\n\n\n<p><em>Duration: 2 hours<\/em><\/p>\n\n\n\n<h4 class=\"wp-block-heading\"><strong><em>12\/2011<\/em><\/strong><strong><em> <\/em><\/strong><strong><em>Mist\u00e4 on lumiukot tehty?<\/em><\/strong><\/h4>\n\n\n\n<p><em>An installation with Anna-Katariina Roos.<\/em><\/p>\n\n\n\n<p><em>Porin juhlaviikot, Finland<\/em><\/p>\n\n\n\n<h4 class=\"wp-block-heading\"><strong><em>10\/2011<\/em><\/strong><strong><em> <\/em><\/strong><strong><em>Art car<\/em><\/strong><\/h4>\n\n\n\n<p><em>Art car project with Steve Vanoni and<\/em><\/p>\n\n\n\n<p><em>a group of fellow students<\/em><\/p>\n\n\n\n<p><em>from the Kankaanp\u00e4\u00e4 art school.<\/em><\/p>\n\n\n\n<h3 class=\"wp-block-heading\" id=\"Projects\">ART RELATED PROJECTS<\/h3>\n\n\n\n<h4 class=\"wp-block-heading\"><strong>2019<\/strong><strong> <\/strong><strong>Museotreffit<\/strong><\/h4>\n\n\n\n<p><em>A national network for museums focusing on Performance and Live Art<\/em><\/p>\n\n\n\n<p><em>Project tied to Arts Promotion Centre Finland<\/em><\/p>\n\n\n\n<h4 class=\"wp-block-heading\"><strong>2018-2019<\/strong><strong> <\/strong><strong>Fresh<\/strong><\/h4>\n\n\n\n<p><em>A sparring program for emerging performance artists performing at NewPerformance Turku Festival. A collaboration between NPTF and Arts Promotion Centre Finland<\/em><\/p>\n\n\n\n<h4 class=\"wp-block-heading\"><strong>2017-2020<\/strong><strong> <\/strong><strong>DIY + Tiloissa &amp; Ajoissa zine<\/strong><\/h4>\n\n\n\n<p><em>Selection of performance art instructions made by various Finnish performance artists. Published in performance art bank <\/em><em>www.performanssi.fi&nbsp; and a zine called Tiloissa &amp; Ajoissa, together wih interviews and essays about the performance scene in Finland in 2020.&nbsp;<\/em><\/p>\n\n\n\n<p><em>Project tied to Arts Promotion Centre Finland<\/em><\/p>\n\n\n\n<h4 class=\"wp-block-heading\"><strong>2018-2020 Performanssip\u00e4iv\u00e4t<\/strong><\/h4>\n\n\n\n<p><em>Professional networking and discussion<\/em><\/p>\n\n\n\n<p><em>platform\/seminar for Finnish performance art professionals. A collaboration with<\/em><\/p>\n\n\n\n<p><em>the media artist Hannele Romppanen<\/em><\/p>\n\n\n\n<p><em>Project tied to Arts Promotion Centre Finland<\/em><\/p>\n\n\n\n<h4 class=\"wp-block-heading\"><strong>2018 SparrausPori<\/strong><\/h4>\n\n\n\n<p><em>A feminist sparring program for&nbsp;<\/em><\/p>\n\n\n\n<p><em>performance artists developed with<\/em><\/p>\n\n\n\n<p><em>and for Porin Juhlaviikot<\/em><\/p>\n\n\n\n<p><em>Project tied to Arts Promotion Centre Finland<\/em><\/p>\n\n\n\n<h4 class=\"wp-block-heading\"><strong>2016-2018 LADAF<\/strong><\/h4>\n\n\n\n<p><em>Live Art Development Agency Finland<\/em><\/p>\n\n\n\n<p><em>A pilot project that studied the possibilities<\/em><\/p>\n\n\n\n<p><em>to set up a national agency for live art.<\/em><\/p>\n\n\n\n<p><em>The pilot was made in dialogue with the Brittish Live Art Development Agency LADA.<\/em><\/p>\n\n\n\n<p><em>Project tied to Arts Promotion Centre Finland<\/em><\/p>\n\n\n\n<h4 class=\"wp-block-heading\"><strong>2016-2019 Hautumo<\/strong><\/h4>\n\n\n\n<p><em>A pilot sparring\/export program for Finnish<\/em><\/p>\n\n\n\n<p><em>performance art professionals developed with and for LADAF. A collaboration with Aapo Korkeaoja and Frame Contemporary Art Finland.<\/em><\/p>\n\n\n\n<p><em>Project tied to Arts Promotion Centre Finland<\/em><\/p>\n\n\n\n<h4 class=\"wp-block-heading\"><strong><em>2016-2018<\/em><\/strong><strong><em> <\/em><\/strong><strong><em>Kunniavieras<\/em><\/strong><\/h4>\n\n\n\n<p><em>A club concept that combines Performnace art to unusual circumstances and various locations.<\/em><\/p>\n\n\n\n<p><em>Project tied to Arts Promotion Centre Finland<\/em><\/p>\n\n\n\n<h4 class=\"wp-block-heading\"><strong><em>2017<\/em><\/strong><strong><em> <\/em><\/strong><strong><em>\u00c4\u00e4neen &#8211; Out loud<\/em><\/strong><\/h4>\n\n\n\n<p><em>A community art project that aimed to<\/em><\/p>\n\n\n\n<p><em>making ordinary people being seen and heard through art and activism. A collaboration with Suvi Aarnio, Pia Bartsch and Kone Foundation.&nbsp;<\/em><\/p>\n\n\n\n<p><em>Project tied to Arts Promotion Centre Finland<\/em><\/p>\n\n\n\n<h4 class=\"wp-block-heading\"><strong><em>2012-&gt;<\/em><\/strong><strong><em> <\/em><\/strong><strong><em>Horonk\u00e4ristys<\/em><\/strong><\/h4>\n\n\n\n<p><em>A feminist performance duo with Tiia-Mari Aalto<\/em><\/p>\n\n\n\n<p><em>horonkaristys.wix.com\/temppeli<\/em><\/p>\n\n\n\n<h4 class=\"wp-block-heading\"><strong><em>2014<\/em><\/strong><strong><em> <\/em><\/strong><strong><em>The impression project<\/em><\/strong><\/h4>\n\n\n\n<p><em>www.theimpressionproject.com<\/em><\/p>\n\n\n\n<p><em>Bachelor\u2019s project for Kankaanp\u00e4\u00e4 art school.<\/em><\/p>\n\n\n\n<p><em>A performative study about first impressions<\/em><\/p>\n\n\n\n<h4 class=\"wp-block-heading\"><strong><em>2014<\/em><\/strong><strong><em> <\/em><\/strong><strong><em>Kiitos matkavinkeist\u00e4!<\/em><\/strong><\/h4>\n\n\n\n<p><em>kiitosmatkavinkeista.tumblr.com<\/em><\/p>\n\n\n\n<p><em>A travel blog from North America,<\/em><\/p>\n\n\n\n<p><em>collaboration with Marjukka Parkkinen<\/em><\/p>\n\n\n\n<h4 class=\"wp-block-heading\"><strong><em>&nbsp;2012-2016<\/em><\/strong><strong><em> <\/em><\/strong><strong><em>Pumppu<\/em><\/strong><\/h4>\n\n\n\n<p><em>Founding of Pumppu-collective, together with Tiia-Mari Kolibri and Toivo Tonta. Pumppu<\/em><\/p>\n\n\n\n<p><em>creates art events in Kankaanp\u00e4\u00e4, Finland.&nbsp;<\/em><\/p>\n\n\n\n<h4 class=\"wp-block-heading\"><strong><em>11\/2010<\/em><\/strong><strong><em> <\/em><\/strong><strong><em>Kaikki naiset on pahoja music video<\/em><\/strong><\/h4>\n\n\n\n<p><em>Costume design for Pekka Kumpulainen\u2019s<\/em><\/p>\n\n\n\n<p><em>music video in Ivalo, Lapland, Finland<\/em><\/p>\n\n\n\n<h4 class=\"wp-block-heading\"><strong><em>11\/2009<\/em><\/strong><strong><em> <\/em><\/strong><strong><em>Pandoran Rasia magazine<\/em><\/strong><\/h4>\n\n\n\n<p><em>A free art magazine in Rovaniemi. With the<\/em><\/p>\n\n\n\n<p><em>photographer Pilvi Keto, graphic designer E-P Niemi and a group of volunteers<\/em><\/p>\n\n\n\n<h4 class=\"wp-block-heading\"><strong><em>5\/2008<\/em><\/strong><strong><em> <\/em><\/strong><strong><em>Poksteri Magazine #3<\/em><\/strong><\/h4>\n\n\n\n<p><em>Producing the third issue of the<\/em><\/p>\n\n\n\n<p><em>free culture magazine Poksteri<\/em><\/p>\n\n\n\n<h4 class=\"wp-block-heading\"><strong><em>2007-2010<\/em><\/strong><strong><em> <\/em><\/strong><strong><em>Juhannustanssit<\/em><\/strong><\/h4>\n\n\n\n<p><em>An annual barn dance club night In Rovaniemi. With Krista Vaarala and Karoliina Kotala.<\/em><\/p>\n\n\n\n<h3 class=\"wp-block-heading\" id=\"Experience\">ART AND CULTURE RELATED WORK EXPERIENCE<\/h3>\n\n\n\n<h4 class=\"wp-block-heading\"><strong><em>2021<\/em><\/strong><strong><em> <\/em><\/strong><strong><em>Disability Day Art &amp; Action<\/em><\/strong><\/h4>\n\n\n\n<p><em>Producing the Finnish disability arts festival<\/em><\/p>\n\n\n\n<h4 class=\"wp-block-heading\"><strong><em>2020-2021<\/em><\/strong><strong><em> <\/em><\/strong><strong><em>Mentoring masters project<\/em><\/strong><\/h4>\n\n\n\n<p><em>Mentoring Uniarts masters student Aleksi Martikainen<\/em><\/p>\n\n\n\n<h4 class=\"wp-block-heading\"><strong><em>2017-2021<\/em><\/strong><strong><em> <\/em><\/strong><strong><em>Kiertoliike Dance Seminar<\/em><\/strong><\/h4>\n\n\n\n<p><em>Moderating the yearly 2-day seminar for<\/em><\/p>\n\n\n\n<p><em>Finnish dance professionals with Hanna-Reetta Schreck<\/em><\/p>\n\n\n\n<h4 class=\"wp-block-heading\"><strong><em>02\/2016-2020 Arts promotion centre Finland<\/em><\/strong><\/h4>\n\n\n\n<p><em>Regional artist in performance and live art,<\/em><\/p>\n\n\n\n<p><em>Governmental art specialist and advisor,<\/em><\/p>\n\n\n\n<p><em>Satakunta, Finland<\/em><\/p>\n\n\n\n<h4 class=\"wp-block-heading\"><strong><em>10-12\/2015<\/em><\/strong><strong><em> <\/em><\/strong><strong><em>Pori Contemporary Art Museum<\/em><\/strong><\/h4>\n\n\n\n<p><em>Creating workshop consepts and organizing<\/em><\/p>\n\n\n\n<p><em>workshops for adults of varied professions.<\/em><\/p>\n\n\n\n<p><em>A 3-month pilot project.&nbsp;<\/em><\/p>\n\n\n\n<h4 class=\"wp-block-heading\"><strong><em>2015-2016<\/em><\/strong><strong><em> <\/em><\/strong><strong><em>Sk\u00e4rg\u00e5rdens Kombi<\/em><\/strong><\/h4>\n\n\n\n<p><em>Creating and teaching adventure courses<\/em><\/p>\n\n\n\n<p><em>in the archipelago citizen academy program,<\/em><\/p>\n\n\n\n<p><em>Ini\u00f6, Finland<\/em><\/p>\n\n\n\n<h4 class=\"wp-block-heading\"><strong><em>9-12\/2014<\/em><\/strong><strong><em> <\/em><\/strong><strong><em>Transboavista<\/em><\/strong><\/h4>\n\n\n\n<p><em>Assisting producer apprentice at<\/em><\/p>\n\n\n\n<p><em>Plataforma Revolver and VPF Cream Art Gallery<\/em><\/p>\n\n\n\n<p><em>in Lisbon, Portugal<\/em><\/p>\n\n\n\n<h4 class=\"wp-block-heading\"><strong><em>6-8\/2014<\/em><\/strong><strong><em> <\/em><\/strong><strong><em>K\u00e4sitekes\u00e4<\/em><\/strong><\/h4>\n\n\n\n<p><em>Producer and publicist at an environmental<\/em><\/p>\n\n\n\n<p><em>conceptual art exhibition in Kokem\u00e4ki, Finland&nbsp;<\/em><\/p>\n\n\n\n<p><em>www.kasitekesa.org<\/em><\/p>\n\n\n\n<h4 class=\"wp-block-heading\"><strong><em>6\/2013 <\/em><\/strong><strong><em><\/em><\/strong><strong><em>Esityskes\u00e4<\/em><\/strong><\/h4>\n\n\n\n<p><em>Part of the production team of a live art<\/em><\/p>\n\n\n\n<p><em>summer camp by Satakunta university of<\/em><\/p>\n\n\n\n<p><em>applied sciences, Kokem\u00e4ki, Finland<\/em><\/p>\n\n\n\n<p><em>Part of the official summer studies program<\/em><\/p>\n\n\n\n<h4 class=\"wp-block-heading\"><strong><em>2009-2011 Vasa<\/em><\/strong><\/h4>\n\n\n\n<p><em>Molding the concept for and producing the<\/em><\/p>\n\n\n\n<p><em>weekly youth page for Lapin Kansa newspaper.<\/em><\/p>\n\n\n\n<p><em>Recruiting and co-ordinating a team<\/em><\/p>\n\n\n\n<p><em>of writers, photographers and illustrators<\/em><\/p>\n\n\n\n<h4 class=\"wp-block-heading\"><strong><em>4\/2009<\/em><\/strong><strong><em> <\/em><\/strong><strong><em>University of Lapland<\/em><\/strong><\/h4>\n\n\n\n<p><em>Hosting a gala night of an international<\/em><\/p>\n\n\n\n<p><em>conference held by the university of Lapland<\/em><\/p>\n\n\n\n<h4 class=\"wp-block-heading\"><strong><em>2\/2009<\/em><\/strong><strong><em> <\/em><\/strong><strong><em>Sarjassamme vapahtavia tapahtumia<\/em><\/strong><\/h4>\n\n\n\n<p><em>Assisting in the production of a<\/em><\/p>\n\n\n\n<p><em>multi-art happening at the Rovaniemi<\/em><\/p>\n\n\n\n<p><em>contemporary art museum, Finland<\/em><\/p>\n\n\n\n<h4 class=\"wp-block-heading\"><strong><em>7\/2008-&gt;<\/em><\/strong><strong><em> <\/em><\/strong><strong><em>Lapin Kansa<\/em><\/strong><\/h4>\n\n\n\n<p><em>Freelance editing assistant, journalist<\/em><\/p>\n\n\n\n<p><em>and columnist mainly for a daily newspaper.<\/em><\/p>\n\n\n\n<p><em>Columns published also in the newspapers&nbsp;<\/em><\/p>\n\n\n\n<p><em>Aamulehti and Satakunnan Kansa&nbsp;<\/em><\/p>\n\n\n\n<h4 class=\"wp-block-heading\"><strong><em>4\/2008<\/em><\/strong><strong><em> <\/em><\/strong><strong><em>University of Lapland Fashion Show<\/em><\/strong><\/h4>\n\n\n\n<p><em>Audio-visual production of the<\/em><\/p>\n\n\n\n<p><em>fashion department spring show<\/em><\/p>\n\n\n\n<p><em>together with photographer Viena Rainio<\/em><\/p>\n\n\n\n<h4 class=\"wp-block-heading\"><strong><em>3\/2008<\/em><\/strong><strong><em> <\/em><\/strong><strong><em>Radio S\u00e4teily<\/em><\/strong><\/h4>\n\n\n\n<p><em>Event production for the student radio<\/em><\/p>\n\n\n\n<p><em>of university of Lapland, called Radio S\u00e4teily<\/em><\/p>\n\n\n\n<h4 class=\"wp-block-heading\"><strong><em>2007-2015<\/em><\/strong><strong><em> <\/em><\/strong><strong><em>Dj experience<\/em><\/strong><\/h4>\n\n\n\n<p><em>Radio and events<\/em><\/p>\n\n\n\n<h4 class=\"wp-block-heading\"><strong><em>2006-2010<\/em><\/strong><strong><em> <\/em><\/strong><strong><em>Lapin ylioppilasteatteri<\/em><\/strong><\/h4>\n\n\n\n<p><em>Wardrobe designer and actor at<\/em><\/p>\n\n\n\n<p><em>the university theater of Lapland, Finland<\/em><\/p>\n\n\n\n<h4 class=\"wp-block-heading\"><strong><em>9\/2005-8\/2006<\/em><\/strong><strong><em> <\/em><\/strong><strong><em>Myym\u00e4l\u00e42<\/em><\/strong><\/h4>\n\n\n\n<p><em>Art gallery assistant, Helsinki, Finland<\/em><\/p>\n\n\n\n<h3 class=\"wp-block-heading\" id=\"Skills\">SKILLS<\/h3>\n\n\n\n<h4 class=\"wp-block-heading\">Languages<\/h4>\n\n\n\n<p><strong><em>Excellent<\/em><\/strong><em> <\/em><em>Finnish (native tongue)<\/em><\/p>\n\n\n\n<p><strong><em>Fluent<\/em><\/strong><strong><em> <\/em><\/strong><strong><em><\/em><\/strong><em>English, Swedish<\/em><\/p>\n\n\n\n<p><strong><em>Satisfactory<\/em><\/strong><strong><em> <\/em><\/strong><em>German, Portuguese<\/em><\/p>\n\n\n\n<p><strong><em>Beginner<\/em><\/strong><em> <\/em><em>Spanish, Italian<\/em><\/p>\n\n\n\n<h4 class=\"wp-block-heading\">Software<\/h4>\n\n\n\n<p><strong><em>Fluent<\/em><\/strong><strong><em> <\/em><\/strong><em>Indesign, Photoshop, Final Cut, Word, Reaper, Power point &amp; Social Media<\/em><\/p>\n\n\n\n<p><strong><em>Satisfactory<\/em><\/strong><strong><em> <\/em><\/strong><em>Excel, Adobe illustrator<\/em><\/p>\n\n\n\n<p><strong><em>Beginner<\/em><\/strong><strong><em> <\/em><\/strong><em>Dragonframe, Lightroom<\/em><\/p>\n\n\n\n<h4 class=\"wp-block-heading\">Hardware<\/h4>\n\n\n\n<p><strong><em>Fluent<\/em><\/strong><strong><em> <\/em><\/strong><em>Computers, cameras, recorders,<\/em><\/p>\n\n\n\n<p><em>sewing machines of many kind,<\/em><\/p>\n\n\n\n<p><em>saws, drills and other carpentry,<\/em><\/p>\n\n\n\n<p><em>motor boats, cars.&nbsp;<\/em><\/p>\n\n\n\n<p><strong><em>Satisfactory<\/em><\/strong><strong><em> <\/em><\/strong><em>Dark rooms, printmaking presses<\/em><\/p>\n\n\n\n<p><strong><em>Beginner<\/em><\/strong><strong><em> <\/em><\/strong><strong><em><\/em><\/strong><em>Tractors, harmonicas<\/em><\/p>\n\n\n\n<h4 class=\"wp-block-heading\">Other qualities<\/h4>\n\n\n\n<p><em>I have good team work and executive skills,<\/em><\/p>\n\n\n\n<p><em>I\u2019m experienced in facilitating<\/em><\/p>\n\n\n\n<p><em>public conversations and seminars.&nbsp;&nbsp;<\/em><\/p>\n\n\n\n<p><em>I have a driver&#8217;s license, permission to<\/em><\/p>\n\n\n\n<p><em>sell alcohol and cook in a restaurant.<\/em><\/p>\n\n\n\n<p><em>I\u2019m very good at assembling tents and fairly ok at orienteering.<\/em><\/p>\n\n\n\n<p><em>I have studied naval navigation.<\/em><\/p>\n\n\n\n<p><em>I get along with most people and animals.<\/em><\/p>\n\n\n\n<p><em>Excellent tolerance towards stress.<\/em><\/p>\n\n\n\n<h3 class=\"wp-block-heading\" id=\"Grants\">GRANTS\/funding<\/h3>\n\n\n\n<h4 class=\"wp-block-heading\"><strong><em>2021<\/em><\/strong><strong><em> <\/em><\/strong><strong><em>Arts Promotion Centre Finland<\/em><\/strong><\/h4>\n\n\n\n<p><em>3 months working grant for developing artistic practice and building an accessible website<\/em><\/p>\n\n\n\n<h4 class=\"wp-block-heading\"><strong><em>2019<\/em><\/strong><strong><em> <\/em><\/strong><strong><em>Theater info Finland Tinfo<\/em><\/strong><\/h4>\n\n\n\n<p><em>For Performance Days<\/em><\/p>\n\n\n\n<h4 class=\"wp-block-heading\"><strong><em>2016-2019<\/em><\/strong><strong><em> <\/em><\/strong><strong><em>Frame contemporary art Finland<\/em><\/strong><\/h4>\n\n\n\n<p><em>For Hautumo sparring group<\/em><\/p>\n\n\n\n<h4 class=\"wp-block-heading\"><strong><em>2015<\/em><\/strong><strong><em> <\/em><\/strong><strong><em><\/em><\/strong><strong><em>Suomen kulttuurirahasto<\/em><\/strong><\/h4>\n\n\n\n<p><em>For artistic work in the Horonk\u00e4ristys<\/em><\/p>\n\n\n\n<p><em>Anger Management Master Class Workshop tour<\/em><\/p>\n\n\n\n<h4 class=\"wp-block-heading\"><em><\/em><em> <\/em><strong><em>2015<\/em><\/strong><strong><em> <\/em><\/strong><strong><em>Taiteen edist\u00e4miskeskus<\/em><\/strong><\/h4>\n\n\n\n<p><em>For material expences and travel costs of the Horonk\u00e4ristys Anger Management Master Class Workshop tour<\/em><\/p>\n\n\n\n<h4 class=\"wp-block-heading\"><strong><em>2015<\/em><\/strong><strong><em> <\/em><\/strong><strong><em>Joensuu city<\/em><\/strong><\/h4>\n\n\n\n<p><em>For the expences of the H.A.M.M.C Workshop<\/em><\/p>\n\n\n\n<p><em>in Joensuu<\/em><\/p>\n\n\n\n<h4 class=\"wp-block-heading\"><strong><em>2013 <\/em><\/strong><strong><em><\/em><\/strong><strong><em>Nyte ry<\/em><\/strong><\/h4>\n\n\n\n<p><em>For material expences and travel costs of Dada Nalle\u2019s Birthday Bash performance<\/em><\/p>\n\n\n\n<h3 class=\"wp-block-heading\" id=\"Prizes\">PRIZES<\/h3>\n\n\n\n<h4 class=\"wp-block-heading\"><strong><em>2014 <\/em><\/strong><strong><em><\/em><\/strong><strong><em>Satakunta Arts Council<\/em><\/strong><\/h4>\n\n\n\n<p><em>Satakunta Art Prize for the K\u00e4sitekes\u00e4 exhibition<\/em><\/p>\n\n\n\n<h3 class=\"wp-block-heading\" id=\"Travels\">TRAVELS<\/h3>\n\n\n\n<p><em>2021 <\/em><em><\/em><em>Horb am Neckar, Germany<\/em><\/p>\n\n\n\n<p><em>2019<\/em><em> <\/em><em>\u00c4k\u00e4slompolo\/Sevettij\u00e4rvi\/Varanger\/Vaasa<\/em><\/p>\n\n\n\n<p><em>2018<\/em><em> <\/em><em>Jotunheimen\/Rovaniemi\/Kuopio\/Oulu<\/em><\/p>\n\n\n\n<p><em>This is the year I stopped flying<\/em><\/p>\n\n\n\n<p><em>2017<\/em><em> <\/em><em>Glasgow\/Ume\u00e5\/Abisko-Kebnekaise\/<\/em><\/p>\n\n\n\n<p><em>Edinburgh\/London\/Reykjavik<\/em><\/p>\n\n\n\n<p><em>2016<\/em><em> <\/em><em>Oslo\/Hetta-Pallas\/London\/Ipswich<\/em><\/p>\n\n\n\n<p><em>2015<\/em><em> <\/em><em>Stockholm\/Uppsala\/Vester\u00e5s\/\u00c5land\/Lisbon<\/em><\/p>\n\n\n\n<p><em>2014<\/em><em> <\/em><em>Lisbon\/St.Petersburg\/<\/em><\/p>\n\n\n\n<p><em>Boulogne-sur-Mer\/London\/<\/em><\/p>\n\n\n\n<p><em>New York\/Montr\u00e9al City\/Qu\u00e9bec City<\/em><\/p>\n\n\n\n<p><em>2013<\/em><em> <\/em><em>Lisbon\/Coimbra\/\u00c9vora<\/em><\/p>\n\n\n\n<p><em>2012<\/em><em> <\/em><em>Stockholm\/Buenos Aires\/Santiago<\/em><\/p>\n\n\n\n<p><em>Valpara\u00edso\/Montevideo<\/em><\/p>\n\n\n\n<p><em>2011<\/em><em> <\/em><em>Riga\/P\u00e4rnu<\/em><\/p>\n\n\n\n<p><em>2010<\/em><em> <\/em><em>Uppsala\/Stockholm\/Oslo\/Mora<\/em><\/p>\n\n\n\n<p><em>2010<\/em><em> <\/em><em>Tromso international film festival<\/em><\/p>\n\n\n\n<p><em>2009<\/em><em> <\/em><em>Berlin<\/em><\/p>\n\n\n\n<p><em>2008<\/em><em> <\/em><em>Trondheim<\/em><\/p>\n\n\n\n<p><em>2006<\/em><em> <\/em><em>Rio-Lima\/La Paz-Sucre\/Manaus<\/em><\/p>\n\n\n\n<p><em>2003-2004<\/em><em> <\/em><em>Augsburg\/M\u00fcnchen<\/em><\/p>\n\n\n\n<h3 class=\"wp-block-heading\" id=\"Studies\">STUDIES<\/h3>\n\n\n\n<h4 class=\"wp-block-heading\"><strong><em>2021<\/em><\/strong><strong><em> <\/em><\/strong><strong><em>Haaga-Helia<\/em><\/strong><\/h4>\n\n\n\n<p><em>Haaga-Helia university of applied sciences,<\/em><\/p>\n\n\n\n<p><em>Radio work and podcast studies<\/em><\/p>\n\n\n\n<h4 class=\"wp-block-heading\"><strong><em>8\/2011-6\/2014<\/em><\/strong><strong><em> <\/em><\/strong><strong><em>SAMK<\/em><\/strong><\/h4>\n\n\n\n<p><em>Satakunta university of applied sciences Kankaanp\u00e4\u00e4 art faculty ; Performance art<\/em><\/p>\n\n\n\n<h4 class=\"wp-block-heading\"><strong><em>8\/2013-2\/2014<\/em><\/strong><strong><em> <\/em><\/strong><strong><em>Universidade de \u00c9vora<\/em><\/strong><\/h4>\n\n\n\n<p><em>Erasmus exchange in Portugal<\/em><\/p>\n\n\n\n<h4 class=\"wp-block-heading\"><strong><em>8\/2010-5\/2011<\/em><\/strong><strong><em> <\/em><\/strong><strong><em>Liminka school of arts<\/em><\/strong><\/h4>\n\n\n\n<p><em>Specialization in fine arts<\/em><\/p>\n\n\n\n<h4 class=\"wp-block-heading\"><strong><em>9\/2006-6\/2010<\/em><\/strong><strong><em> <\/em><\/strong><strong><em>University of Lapland<\/em><\/strong><\/h4>\n\n\n\n<p><em>Clothing design and fine arts<\/em><\/p>\n\n\n\n<h4 class=\"wp-block-heading\"><strong><em>8\/2004-6\/2006 Helsinki City College of fashion<\/em><\/strong><\/h4>\n\n\n\n<p><em>Millinery<\/em><\/p>\n\n\n\n<h4 class=\"wp-block-heading\"><strong><em>8\/2000-6\/2003<\/em><\/strong><strong><em> <\/em><\/strong><strong><em>Kallio College Helsinki<\/em><\/strong><\/h4>\n\n\n\n<p><em>Performing arts<\/em><\/p>\n\n\n\n<h3 class=\"wp-block-heading\" id=\"Memberships\">MEMBERSHIPS<\/h3>\n\n\n\n<h4 class=\"wp-block-heading\"><strong><em>2021-&gt; Western dance center of Finland<\/em><\/strong><\/h4>\n\n\n\n<p><em>Regional Finnish live art artist association<\/em><\/p>\n\n\n\n<h4 class=\"wp-block-heading\"><strong><em>2015-&gt;<\/em><\/strong><strong><em> <\/em><\/strong><em style=\"\">Artist <\/em><strong><em>Association Muu ry<\/em><\/strong><\/h4>\n\n\n\n<p><em>Finnish interdisciplinary artist association<\/em><\/p>\n\n\n\n<h4 class=\"wp-block-heading\"><strong><em>2015-&gt;<\/em><\/strong><strong><em> <\/em><\/strong><strong><em>Kiila ry<\/em><\/strong><\/h4>\n\n\n\n<p><em>Finnish left wing cultural association<\/em><\/p>\n\n\n\n<h4 class=\"wp-block-heading\"><strong><em>2015-&gt;<\/em><\/strong><strong><em> <\/em><\/strong><strong><em>Kuvasto<\/em><\/strong><\/h4>\n\n\n\n<p><em>Finnish copyright society for visual artists<\/em><\/p>\n","protected":false},"excerpt":{"rendered":"<p>Artist CV MAIRE KARUVUORI Performance artist &#8211; Producer &#8211; Journalist Born 18\/09\/1984 in Helsinki, Finland. Graduated from the performance study program of Kankaanp\u00e4\u00e4 art school in Finland. Lives and works in Finland. Speaks Finnish, English, Swedish and German. Understands Portuguese and Spanish. Knows how to drive a tractor. Quick Links: On-going processes Art Work Past&hellip;&nbsp;<a href=\"http:\/\/www.mairekaruvuori.com\/index.php\/portfolio\/art\/\" rel=\"bookmark\">Read More &raquo;<span class=\"screen-reader-text\">Past Art works<\/span><\/a><\/p>\n","protected":false},"author":1,"featured_media":0,"parent":411,"menu_order":1,"comment_status":"closed","ping_status":"closed","template":"","meta":{"_monsterinsights_skip_tracking":false,"_monsterinsights_sitenote_active":false,"_monsterinsights_sitenote_note":"","_monsterinsights_sitenote_category":0,"neve_meta_sidebar":"","neve_meta_container":"","neve_meta_enable_content_width":"","neve_meta_content_width":0,"neve_meta_title_alignment":"","neve_meta_author_avatar":"","neve_post_elements_order":"","neve_meta_disable_header":"","neve_meta_disable_footer":"","neve_meta_disable_title":"","footnotes":""},"aioseo_notices":[],"jetpack_sharing_enabled":true,"_links":{"self":[{"href":"http:\/\/www.mairekaruvuori.com\/index.php\/wp-json\/wp\/v2\/pages\/406"}],"collection":[{"href":"http:\/\/www.mairekaruvuori.com\/index.php\/wp-json\/wp\/v2\/pages"}],"about":[{"href":"http:\/\/www.mairekaruvuori.com\/index.php\/wp-json\/wp\/v2\/types\/page"}],"author":[{"embeddable":true,"href":"http:\/\/www.mairekaruvuori.com\/index.php\/wp-json\/wp\/v2\/users\/1"}],"replies":[{"embeddable":true,"href":"http:\/\/www.mairekaruvuori.com\/index.php\/wp-json\/wp\/v2\/comments?post=406"}],"version-history":[{"count":5,"href":"http:\/\/www.mairekaruvuori.com\/index.php\/wp-json\/wp\/v2\/pages\/406\/revisions"}],"predecessor-version":[{"id":430,"href":"http:\/\/www.mairekaruvuori.com\/index.php\/wp-json\/wp\/v2\/pages\/406\/revisions\/430"}],"up":[{"embeddable":true,"href":"http:\/\/www.mairekaruvuori.com\/index.php\/wp-json\/wp\/v2\/pages\/411"}],"wp:attachment":[{"href":"http:\/\/www.mairekaruvuori.com\/index.php\/wp-json\/wp\/v2\/media?parent=406"}],"curies":[{"name":"wp","href":"https:\/\/api.w.org\/{rel}","templated":true}]}}